{"id":163,"date":"2026-04-29T09:19:22","date_gmt":"2026-04-29T09:19:22","guid":{"rendered":"https:\/\/mvmry.fi\/?page_id=163"},"modified":"2026-04-29T14:08:40","modified_gmt":"2026-04-29T14:08:40","slug":"ajankohtaista","status":"publish","type":"page","link":"https:\/\/mvmry.fi\/index.php\/ajankohtaista\/","title":{"rendered":"Ajankohtaista"},"content":{"rendered":"\n<h3 class=\"wp-block-heading\"><strong>P\u00f6yt\u00e4viirin suunnittelukilpailu j\u00e4senille<\/strong><\/h3>\n\n\n\n<p>MVM ry j\u00e4rjest\u00e4\u00e4 henkil\u00f6j\u00e4senilleen p\u00f6yt\u00e4viirin suunnittelukilpailun. Kilpailun tavoitteena on l\u00f6yt\u00e4\u00e4 yhdistykselle oma p\u00f6yt\u00e4viiri, joka kuvastaa yhdistyksen arvoja, yhteis\u00f6llisyytt\u00e4, turvallisuutta, varautumista ja maanpuolustusta.<\/p>\n\n\n\n<p>Kilpailuun voivat osallistua MVM ry:n henkil\u00f6j\u00e4senet sek\u00e4 henkil\u00f6t, joiden vanhempi on yhdistyksen henkil\u00f6j\u00e4sen. Alle 18-vuotias voi osallistua huoltajan suostumuksella.<\/p>\n\n\n\n<p>Kilpailuaika on <strong>29.4.\u201331.5.2026<\/strong>. Kilpailun voittaja tai osallistuja, jonka ehdotusta hy\u00f6dynnet\u00e4\u00e4n lopullisessa toteutuksessa, palkitaan <strong>100 euron S-ryhm\u00e4n lahjakortilla<\/strong>.<\/p>\n\n\n\n<p>Tutustu kilpailun tarkempiin ehtoihin ja osallistumisohjeisiin alla olevasta tiedostosta.<\/p>\n\n\n\n<div class=\"wp-block-file\"><a id=\"wp-block-file--media-7782f1f6-2ab7-4973-8b7f-3a083b23899e\" href=\"https:\/\/mvmry.fi\/wp-content\/uploads\/2026\/04\/MVM_poytaviirin_suunnittelukilpailu_2026.pdf.pdf\">MVM_poytaviirin_suunnittelukilpailu_2026.pdf<\/a><a href=\"https:\/\/mvmry.fi\/wp-content\/uploads\/2026\/04\/MVM_poytaviirin_suunnittelukilpailu_2026.pdf.pdf\" class=\"wp-block-file__button wp-element-button\" download aria-describedby=\"wp-block-file--media-7782f1f6-2ab7-4973-8b7f-3a083b23899e\">Lataa<\/a><\/div>\n\n\n\n<figure class=\"wp-block-image size-medium\"><img loading=\"lazy\" decoding=\"async\" width=\"212\" height=\"300\" src=\"https:\/\/mvmry.fi\/wp-content\/uploads\/2026\/04\/Jasenlehti-1-212x300.jpg\" alt=\"\" class=\"wp-image-194\" srcset=\"https:\/\/mvmry.fi\/wp-content\/uploads\/2026\/04\/Jasenlehti-1-212x300.jpg 212w, https:\/\/mvmry.fi\/wp-content\/uploads\/2026\/04\/Jasenlehti-1-724x1024.jpg 724w, https:\/\/mvmry.fi\/wp-content\/uploads\/2026\/04\/Jasenlehti-1-768x1086.jpg 768w, https:\/\/mvmry.fi\/wp-content\/uploads\/2026\/04\/Jasenlehti-1-1086x1536.jpg 1086w, https:\/\/mvmry.fi\/wp-content\/uploads\/2026\/04\/Jasenlehti-1.jpg 1414w\" sizes=\"auto, (max-width: 212px) 100vw, 212px\" \/><\/figure>\n\n\n\n<p><strong>Osallistuminen:<\/strong> l\u00e4het\u00e4 ty\u00f6 s\u00e4hk\u00f6postitse osoitteeseen <strong><a>toimisto@mvmry.fi<\/a><\/strong> otsikolla <strong>Kilpailu<\/strong>.<\/p>\n\n\n\n<h2 class=\"wp-block-heading\"><strong>Tervetuloa infotilaisuuteen 13.5.2026<\/strong><\/h2>\n\n\n\n<p>MVM ry j\u00e4rjest\u00e4\u00e4 infotilaisuuden keskiviikkona <strong>13.5.2026 klo 16.30\u201319.00<\/strong> Helsingiss\u00e4.<\/p>\n\n\n\n<p>Tilaisuudessa k\u00e4sitell\u00e4\u00e4n varautumista, arjen turvallisuutta ja vapaaehtoista maanpuolustusta. Mukana on asiantuntijavieraita muun muassa sis\u00e4ministeri\u00f6st\u00e4 ja Helsingin pelastuslaitokselta.<\/p>\n\n\n\n<h3 class=\"wp-block-heading\">Ohjelma<\/h3>\n\n\n\n<p><strong>16.30<\/strong> Kahvitarjoilu ja verkostoituminen<br><strong>17.00<\/strong> Infotilaisuus alkaa<\/p>\n\n\n\n<h3 class=\"wp-block-heading\">Teemat<\/h3>\n\n\n\n<ul class=\"wp-block-list\">\n<li>Varautuminen<\/li>\n\n\n\n<li>Arjen turvallisuus<\/li>\n\n\n\n<li>Vapaaehtoinen maanpuolustus<\/li>\n<\/ul>\n\n\n\n<h3 class=\"wp-block-heading\">Paikka<\/h3>\n\n\n\n<p><strong>MPK auditorio<\/strong><br>T\u00f6\u00f6l\u00f6ntorinkatu 2<br>Helsinki<\/p>\n\n\n\n<h3 class=\"wp-block-heading\">Vieraina<\/h3>\n\n\n\n<ul class=\"wp-block-list\">\n<li>Sis\u00e4ministeri\u00f6n edustaja<\/li>\n\n\n\n<li>Helsingin pelastuslaitoksen edustaja<\/li>\n<\/ul>\n\n\n\n<p>Tilaisuus j\u00e4rjestet\u00e4\u00e4n kurdiksi. Vieraille on j\u00e4rjestetty tulkkaus.<\/p>\n\n\n\n<p class=\"has-vivid-cyan-blue-color has-text-color has-link-color has-medium-font-size wp-elements-8f26f2476b7dd64489a8bf97b68cece0\"><strong><a href=\"https:\/\/forms.cloud.microsoft\/e\/vsiMbCX0kt\" data-type=\"link\" data-id=\"https:\/\/forms.cloud.microsoft\/e\/vsiMbCX0kt\">Ilmoittaudu mukaan t\u00e4st\u00e4<\/a><\/strong> <\/p>\n\n\n\n<p>Paikkoja on rajoitetusti, joten ilmoittauduthan ajoissa.<\/p>\n\n\n\n<p><strong>Tule kuulemaan, keskustelemaan ja verkostoitumaan!<\/strong><\/p>\n\n\n\n<figure class=\"wp-block-gallery has-nested-images columns-default is-cropped wp-block-gallery-1 is-layout-flex wp-block-gallery-is-layout-flex\">\n<figure class=\"wp-block-image size-large\"><img loading=\"lazy\" decoding=\"async\" width=\"724\" height=\"1024\" data-id=\"183\" src=\"https:\/\/mvmry.fi\/wp-content\/uploads\/2026\/04\/2-724x1024.jpg\" alt=\"\" class=\"wp-image-183\" srcset=\"https:\/\/mvmry.fi\/wp-content\/uploads\/2026\/04\/2-724x1024.jpg 724w, https:\/\/mvmry.fi\/wp-content\/uploads\/2026\/04\/2-212x300.jpg 212w, https:\/\/mvmry.fi\/wp-content\/uploads\/2026\/04\/2-768x1086.jpg 768w, https:\/\/mvmry.fi\/wp-content\/uploads\/2026\/04\/2-1086x1536.jpg 1086w, https:\/\/mvmry.fi\/wp-content\/uploads\/2026\/04\/2.jpg 1414w\" sizes=\"auto, (max-width: 724px) 100vw, 724px\" \/><\/figure>\n\n\n\n<figure class=\"wp-block-image size-large\"><img loading=\"lazy\" decoding=\"async\" width=\"724\" height=\"1024\" data-id=\"184\" src=\"https:\/\/mvmry.fi\/wp-content\/uploads\/2026\/04\/Kurdi-724x1024.jpg\" alt=\"\" class=\"wp-image-184\" srcset=\"https:\/\/mvmry.fi\/wp-content\/uploads\/2026\/04\/Kurdi-724x1024.jpg 724w, https:\/\/mvmry.fi\/wp-content\/uploads\/2026\/04\/Kurdi-212x300.jpg 212w, https:\/\/mvmry.fi\/wp-content\/uploads\/2026\/04\/Kurdi-768x1086.jpg 768w, https:\/\/mvmry.fi\/wp-content\/uploads\/2026\/04\/Kurdi-1086x1536.jpg 1086w, https:\/\/mvmry.fi\/wp-content\/uploads\/2026\/04\/Kurdi.jpg 1414w\" sizes=\"auto, (max-width: 724px) 100vw, 724px\" \/><\/figure>\n<\/figure>\n","protected":false},"excerpt":{"rendered":"<p>P\u00f6yt\u00e4viirin suunnittelukilpailu j\u00e4senille MVM ry j\u00e4rjest\u00e4\u00e4 henkil\u00f6j\u00e4senilleen p\u00f6yt\u00e4viirin suunnittelukilpailun. Kilpailun tavoitteena on l\u00f6yt\u00e4\u00e4 yhdistykselle oma p\u00f6yt\u00e4viiri, joka kuvastaa yhdistyksen arvoja, yhteis\u00f6llisyytt\u00e4, turvallisuutta, varautumista ja maanpuolustusta. Kilpailuun voivat osallistua MVM ry:n henkil\u00f6j\u00e4senet sek\u00e4 henkil\u00f6t, joiden vanhempi on yhdistyksen henkil\u00f6j\u00e4sen. Alle 18-vuotias voi osallistua huoltajan suostumuksella. Kilpailuaika on 29.4.\u201331.5.2026. Kilpailun voittaja tai osallistuja, jonka ehdotusta hy\u00f6dynnet\u00e4\u00e4n lopullisessa &hellip; <\/p>\n<p class=\"link-more\"><a href=\"https:\/\/mvmry.fi\/index.php\/ajankohtaista\/\" class=\"more-link\">Jatka lukemista<span class=\"screen-reader-text\"> &#8221;Ajankohtaista&#8221;<\/span><\/a><\/p>\n","protected":false},"author":1,"featured_media":0,"parent":0,"menu_order":0,"comment_status":"closed","ping_status":"closed","template":"","meta":{"footnotes":""},"class_list":["post-163","page","type-page","status-publish","hentry"],"_links":{"self":[{"href":"https:\/\/mvmry.fi\/index.php\/wp-json\/wp\/v2\/pages\/163","targetHints":{"allow":["GET"]}}],"collection":[{"href":"https:\/\/mvmry.fi\/index.php\/wp-json\/wp\/v2\/pages"}],"about":[{"href":"https:\/\/mvmry.fi\/index.php\/wp-json\/wp\/v2\/types\/page"}],"author":[{"embeddable":true,"href":"https:\/\/mvmry.fi\/index.php\/wp-json\/wp\/v2\/users\/1"}],"replies":[{"embeddable":true,"href":"https:\/\/mvmry.fi\/index.php\/wp-json\/wp\/v2\/comments?post=163"}],"version-history":[{"count":10,"href":"https:\/\/mvmry.fi\/index.php\/wp-json\/wp\/v2\/pages\/163\/revisions"}],"predecessor-version":[{"id":199,"href":"https:\/\/mvmry.fi\/index.php\/wp-json\/wp\/v2\/pages\/163\/revisions\/199"}],"wp:attachment":[{"href":"https:\/\/mvmry.fi\/index.php\/wp-json\/wp\/v2\/media?parent=163"}],"curies":[{"name":"wp","href":"https:\/\/api.w.org\/{rel}","templated":true}]}}